{"id":21,"date":"2011-02-23T21:42:55","date_gmt":"2011-02-23T20:42:55","guid":{"rendered":"http:\/\/www.les-meubles-orbelais.com\/?page_id=21"},"modified":"2026-03-11T16:08:53","modified_gmt":"2026-03-11T15:08:53","slug":"activites-tourisme","status":"publish","type":"page","link":"https:\/\/les-meubles-orbelais.com\/index.php\/activites-tourisme\/","title":{"rendered":"Activit\u00e9s &#038; tourisme"},"content":{"rendered":"\n<p>Vous trouverez ici quelques unes des nombreuses sorties \u00e0 faire dans le pays Welche et ses alentours, si toutefois vous avez des projets pr\u00e9cis, nous sommes \u00e0 votre disposition pour vous renseigner&#8230;.<\/p>\n\n\n\n<h2 class=\"wp-block-heading\">Le Domaine du Lac Blanc:<\/h2>\n\n\n\n<h3 class=\"wp-block-heading\">En hiver :<\/h3>\n\n\n\n<p><img loading=\"lazy\" decoding=\"async\" class=\"alignnone size-medium wp-image-719\" src=\"http:\/\/les-meubles-orbelais.com\/wp-content\/uploads\/2023\/12\/Station-du-Lac-Blanc-logo-ete-\u00a9-OT-station-du-Lac-Blanc-280x300.png\" alt=\"\" width=\"280\" height=\"300\" srcset=\"https:\/\/les-meubles-orbelais.com\/wp-content\/uploads\/2023\/12\/Station-du-Lac-Blanc-logo-ete-\u00a9-OT-station-du-Lac-Blanc-280x300.png 280w, https:\/\/les-meubles-orbelais.com\/wp-content\/uploads\/2023\/12\/Station-du-Lac-Blanc-logo-ete-\u00a9-OT-station-du-Lac-Blanc-955x1024.png 955w, https:\/\/les-meubles-orbelais.com\/wp-content\/uploads\/2023\/12\/Station-du-Lac-Blanc-logo-ete-\u00a9-OT-station-du-Lac-Blanc-768x824.png 768w, https:\/\/les-meubles-orbelais.com\/wp-content\/uploads\/2023\/12\/Station-du-Lac-Blanc-logo-ete-\u00a9-OT-station-du-Lac-Blanc.png 1159w\" sizes=\"auto, (max-width: 280px) 100vw, 280px\" \/><br>Station de ski avec t\u00e9l\u00e9si\u00e8ge d\u00e9brayable 6 places, des pistes pour tout niveaux, avec aussi 40 km de piste de ski de fond balis\u00e9s et entretenus !<br><a href=\"http:\/\/www.lac-blanc.com\/\">http:\/\/www.lac-blanc.com\/<\/a><\/p>\n\n\n\n<h3 class=\"wp-block-heading\">En \u00e9t\u00e9 :<\/h3>\n\n\n\n<p>Activit\u00e9s de plein air avec son <strong>parc aventure<\/strong> et son terrain de <strong>paintball<\/strong>, sensations garanties !<\/p>\n\n\n\n<p><a href=\"http:\/\/www.lac-blanc-parc-aventure.com\/\">http:\/\/www.lac-blanc-parc-aventure.com\/<\/a><\/p>\n\n\n\n<p>Venez parcourir les diff\u00e9rentes pistes du <strong>bike park<\/strong> :<br>Tout le monde y trouve son plaisir gr\u00e2ce \u00e0 des pistes de niveaux diff\u00e9rents (du d\u00e9butant \u00e0 l&rsquo;expert).<\/p>\n\n\n\n<p>De plus vous y trouverez une une piste de 4X de quoi vous amusez \u00e0 d\u00e9fier vos amis, une zone slopestyle afin de faire vos premiers sauts, une zone trial ainsi que de nombreux kilom\u00e8tres de randonn\u00e9es lab\u00e9lis\u00e9s FFC sur les sommets vosgiens.<\/p>\n\n\n\n<p>Retrouvez toutes les informations sur le Bike park sur <a href=\"http:\/\/www.lacblanc-bikepark.com\/\">www.lacblanc-bikepark.com<\/a><\/p>\n\n\n\n<h2 class=\"wp-block-heading\"><strong>La commune d&rsquo;Orbey:<\/strong><\/h2>\n\n\n\n<p>Le site de la commune avec les renseignements n\u00e9cessaires :&nbsp;<a href=\"http:\/\/www.orbey.fr\/\">http:\/\/www.orbey.fr\/<\/a><br>Ses 237km de circuits VTT, ses 200km de sentiers balis\u00e9s\u2026..<\/p>\n\n\n\n<p>Le champ de bataille du Linge, un haut lieu des combats de la premi\u00e8re guerre, endroit strat\u00e9gique ayant entra\u00een\u00e9 la mort de milliers de soldats. Il est surnomm\u00e9 depuis \u00a0\u00bb le Tombeau des Chasseurs\u00a0\u00bb\u2026&nbsp;<a href=\"http:\/\/www.linge1915.com\/\">http:\/\/www.linge1915.com\/<\/a><\/p>\n\n\n\n<h2 class=\"wp-block-heading\">Dans les alentours:<\/h2>\n\n\n\n<ul class=\"wp-block-list\">\n<li>Le mus\u00e9e du pays Welche vous fera d\u00e9couvrir les origines et la pass\u00e9 de notre r\u00e9gion charg\u00e9e d\u2019histoire&nbsp;: <a href=\"http:\/\/www.musee-pays-welche.alsace\/\">http:\/\/www.musee-pays-welche.alsace\/<\/a><\/li>\n\n\n\n<li>La route des cr\u00eates, le circuit panoramique par excellence, \u00e0 pied ou en voiture pour d\u00e9couvrir les plus beaux paysages du massif vosgien&nbsp;: <a href=\"https:\/\/www.tourisme-alsace.com\/fr\/idees-de-circuits\/route-des-cretes-alsace.html\">https:\/\/www.tourisme-alsace.com\/fr\/idees-de-circuits\/route-des-cretes-alsace.html<\/a><\/li>\n\n\n\n<li>L\u2019espace nautique de la vall\u00e9e \u00e0 Kaysersberg&nbsp;: <a href=\"https:\/\/www.espace-nautique-ccvk.fr\/piscine-ccvk\/piscine.htm\">https:\/\/www.espace-nautique-ccvk.fr\/piscine-ccvk\/piscine.htm<\/a><\/li>\n<\/ul>\n\n\n\n<p>Mais encore plein d\u2019autres choses \u00e0 faire ou \u00e0 voir selon vos go\u00fbts et vos envies&nbsp;! Pour plus de renseignements n\u2019h\u00e9sitez pas \u00e0 nous demander&nbsp;!<\/p>\n\n\n\n<figure class=\"wp-block-gallery has-nested-images columns-default is-cropped wp-block-gallery-1 is-layout-flex wp-block-gallery-is-layout-flex\">\n<figure class=\"wp-block-image size-full\"><a href=\"https:\/\/les-meubles-orbelais.com\/wp-content\/uploads\/2023\/12\/orbey-lac-blanc01-400x266-1.jpg\" target=\"_blank\" rel=\"noopener\"><img loading=\"lazy\" decoding=\"async\" width=\"400\" height=\"266\" data-id=\"596\" src=\"https:\/\/les-meubles-orbelais.com\/wp-content\/uploads\/2023\/12\/orbey-lac-blanc01-400x266-1.jpg\" alt=\"\" class=\"wp-image-596\" srcset=\"https:\/\/les-meubles-orbelais.com\/wp-content\/uploads\/2023\/12\/orbey-lac-blanc01-400x266-1.jpg 400w, https:\/\/les-meubles-orbelais.com\/wp-content\/uploads\/2023\/12\/orbey-lac-blanc01-400x266-1-300x200.jpg 300w\" sizes=\"auto, (max-width: 400px) 100vw, 400px\" \/><\/a><\/figure>\n\n\n\n<figure class=\"wp-block-image size-full\"><a href=\"https:\/\/les-meubles-orbelais.com\/wp-content\/uploads\/2023\/12\/site-accueil-1024x768-1.jpg\" target=\"_blank\" rel=\"noopener\"><img loading=\"lazy\" decoding=\"async\" width=\"1024\" height=\"768\" data-id=\"600\" src=\"https:\/\/les-meubles-orbelais.com\/wp-content\/uploads\/2023\/12\/site-accueil-1024x768-1.jpg\" alt=\"\" class=\"wp-image-600\" srcset=\"https:\/\/les-meubles-orbelais.com\/wp-content\/uploads\/2023\/12\/site-accueil-1024x768-1.jpg 1024w, https:\/\/les-meubles-orbelais.com\/wp-content\/uploads\/2023\/12\/site-accueil-1024x768-1-300x225.jpg 300w, https:\/\/les-meubles-orbelais.com\/wp-content\/uploads\/2023\/12\/site-accueil-1024x768-1-768x576.jpg 768w\" sizes=\"auto, (max-width: 1024px) 100vw, 1024px\" \/><\/a><\/figure>\n\n\n\n<figure class=\"wp-block-image size-full\"><a href=\"https:\/\/les-meubles-orbelais.com\/wp-content\/uploads\/2023\/12\/skitourisme-1-1024x768-1.jpg\" target=\"_blank\" rel=\"noopener\"><img loading=\"lazy\" decoding=\"async\" width=\"1024\" height=\"768\" data-id=\"601\" src=\"https:\/\/les-meubles-orbelais.com\/wp-content\/uploads\/2023\/12\/skitourisme-1-1024x768-1.jpg\" alt=\"\" class=\"wp-image-601\" srcset=\"https:\/\/les-meubles-orbelais.com\/wp-content\/uploads\/2023\/12\/skitourisme-1-1024x768-1.jpg 1024w, https:\/\/les-meubles-orbelais.com\/wp-content\/uploads\/2023\/12\/skitourisme-1-1024x768-1-300x225.jpg 300w, https:\/\/les-meubles-orbelais.com\/wp-content\/uploads\/2023\/12\/skitourisme-1-1024x768-1-768x576.jpg 768w\" sizes=\"auto, (max-width: 1024px) 100vw, 1024px\" \/><\/a><\/figure>\n\n\n\n<figure class=\"wp-block-image size-full\"><a href=\"https:\/\/les-meubles-orbelais.com\/wp-content\/uploads\/2023\/12\/Tour_faude_1.jpg\" target=\"_blank\" rel=\"noopener\"><img loading=\"lazy\" decoding=\"async\" width=\"1024\" height=\"768\" data-id=\"602\" src=\"https:\/\/les-meubles-orbelais.com\/wp-content\/uploads\/2023\/12\/Tour_faude_1.jpg\" alt=\"\" class=\"wp-image-602\" srcset=\"https:\/\/les-meubles-orbelais.com\/wp-content\/uploads\/2023\/12\/Tour_faude_1.jpg 1024w, https:\/\/les-meubles-orbelais.com\/wp-content\/uploads\/2023\/12\/Tour_faude_1-300x225.jpg 300w, https:\/\/les-meubles-orbelais.com\/wp-content\/uploads\/2023\/12\/Tour_faude_1-768x576.jpg 768w\" sizes=\"auto, (max-width: 1024px) 100vw, 1024px\" \/><\/a><\/figure>\n\n\n\n<figure class=\"wp-block-image size-full\"><a href=\"https:\/\/les-meubles-orbelais.com\/wp-content\/uploads\/2023\/12\/Pierre_tremblante.jpg\" target=\"_blank\" rel=\"noopener\"><img loading=\"lazy\" decoding=\"async\" width=\"213\" height=\"142\" data-id=\"598\" src=\"https:\/\/les-meubles-orbelais.com\/wp-content\/uploads\/2023\/12\/Pierre_tremblante.jpg\" alt=\"\" class=\"wp-image-598\"\/><\/a><\/figure>\n\n\n\n<figure class=\"wp-block-image size-full\"><a href=\"https:\/\/les-meubles-orbelais.com\/wp-content\/uploads\/2023\/12\/pt6766-400x300-1.jpg\" target=\"_blank\" rel=\"noopener\"><img loading=\"lazy\" decoding=\"async\" width=\"400\" height=\"300\" data-id=\"599\" src=\"https:\/\/les-meubles-orbelais.com\/wp-content\/uploads\/2023\/12\/pt6766-400x300-1.jpg\" alt=\"\" class=\"wp-image-599\" srcset=\"https:\/\/les-meubles-orbelais.com\/wp-content\/uploads\/2023\/12\/pt6766-400x300-1.jpg 400w, https:\/\/les-meubles-orbelais.com\/wp-content\/uploads\/2023\/12\/pt6766-400x300-1-300x225.jpg 300w\" sizes=\"auto, (max-width: 400px) 100vw, 400px\" \/><\/a><\/figure>\n\n\n\n<figure class=\"wp-block-image size-full\"><a href=\"http:\/\/les-meubles-orbelais.com\/wp-content\/uploads\/2024\/01\/Orbey_01.jpg\" target=\"_blank\" rel=\"noopener\"><img loading=\"lazy\" decoding=\"async\" width=\"1600\" height=\"1079\" data-id=\"726\" src=\"http:\/\/les-meubles-orbelais.com\/wp-content\/uploads\/2024\/01\/Orbey_01.jpg\" alt=\"\" class=\"wp-image-726\" srcset=\"https:\/\/les-meubles-orbelais.com\/wp-content\/uploads\/2024\/01\/Orbey_01.jpg 1600w, https:\/\/les-meubles-orbelais.com\/wp-content\/uploads\/2024\/01\/Orbey_01-300x202.jpg 300w, https:\/\/les-meubles-orbelais.com\/wp-content\/uploads\/2024\/01\/Orbey_01-1024x691.jpg 1024w, https:\/\/les-meubles-orbelais.com\/wp-content\/uploads\/2024\/01\/Orbey_01-768x518.jpg 768w, https:\/\/les-meubles-orbelais.com\/wp-content\/uploads\/2024\/01\/Orbey_01-1536x1036.jpg 1536w\" sizes=\"auto, (max-width: 1600px) 100vw, 1600px\" \/><\/a><\/figure>\n\n\n\n<figure class=\"wp-block-image size-full\"><a href=\"https:\/\/les-meubles-orbelais.com\/wp-content\/uploads\/2026\/03\/Lac_Blanc.jpg\" target=\"_blank\"><img loading=\"lazy\" decoding=\"async\" width=\"2048\" height=\"1366\" data-id=\"774\" src=\"https:\/\/les-meubles-orbelais.com\/wp-content\/uploads\/2026\/03\/Lac_Blanc.jpg\" alt=\"\" class=\"wp-image-774\" srcset=\"https:\/\/les-meubles-orbelais.com\/wp-content\/uploads\/2026\/03\/Lac_Blanc.jpg 2048w, https:\/\/les-meubles-orbelais.com\/wp-content\/uploads\/2026\/03\/Lac_Blanc-300x200.jpg 300w, https:\/\/les-meubles-orbelais.com\/wp-content\/uploads\/2026\/03\/Lac_Blanc-1024x683.jpg 1024w, https:\/\/les-meubles-orbelais.com\/wp-content\/uploads\/2026\/03\/Lac_Blanc-768x512.jpg 768w, https:\/\/les-meubles-orbelais.com\/wp-content\/uploads\/2026\/03\/Lac_Blanc-1536x1025.jpg 1536w\" sizes=\"auto, (max-width: 2048px) 100vw, 2048px\" \/><\/a><figcaption class=\"wp-element-caption\">Le Lac Blanc, sur les hauteurs d&rsquo;Orbey<\/figcaption><\/figure>\n<\/figure>\n\n\n\n<p><\/p>\n","protected":false},"excerpt":{"rendered":"<p>Vous trouverez ici quelques unes des nombreuses sorties \u00e0 faire dans le pays Welche et ses alentours, si toutefois vous avez des projets pr\u00e9cis, nous sommes \u00e0 votre disposition pour vous renseigner&#8230;. Le Domaine du Lac Blanc: En hiver : Station de ski avec t\u00e9l\u00e9si\u00e8ge d\u00e9brayable 6 places, des pistes pour tout niveaux, avec aussi [&hellip;]<\/p>\n","protected":false},"author":2,"featured_media":0,"parent":0,"menu_order":6,"comment_status":"open","ping_status":"closed","template":"","meta":{"footnotes":""},"class_list":["post-21","page","type-page","status-publish","hentry"],"yoast_head":"<!-- This site is optimized with the Yoast SEO plugin v21.9 - https:\/\/yoast.com\/wordpress\/plugins\/seo\/ -->\n<title>Activit\u00e9s &amp; tourisme - Les Meubl\u00e9s Orbelais<\/title>\n<meta name=\"robots\" content=\"index, follow, max-snippet:-1, max-image-preview:large, max-video-preview:-1\" \/>\n<link rel=\"canonical\" href=\"https:\/\/les-meubles-orbelais.com\/index.php\/activites-tourisme\/\" \/>\n<meta property=\"og:locale\" content=\"fr_FR\" \/>\n<meta property=\"og:type\" content=\"article\" \/>\n<meta property=\"og:title\" content=\"Activit\u00e9s &amp; tourisme - Les Meubl\u00e9s Orbelais\" \/>\n<meta property=\"og:description\" content=\"Vous trouverez ici quelques unes des nombreuses sorties \u00e0 faire dans le pays Welche et ses alentours, si toutefois vous avez des projets pr\u00e9cis, nous sommes \u00e0 votre disposition pour vous renseigner&#8230;. Le Domaine du Lac Blanc: En hiver : Station de ski avec t\u00e9l\u00e9si\u00e8ge d\u00e9brayable 6 places, des pistes pour tout niveaux, avec aussi [&hellip;]\" \/>\n<meta property=\"og:url\" content=\"https:\/\/les-meubles-orbelais.com\/index.php\/activites-tourisme\/\" \/>\n<meta property=\"og:site_name\" content=\"Les Meubl\u00e9s Orbelais\" \/>\n<meta property=\"article:modified_time\" content=\"2026-03-11T15:08:53+00:00\" \/>\n<meta property=\"og:image\" content=\"https:\/\/les-meubles-orbelais.com\/wp-content\/uploads\/2023\/12\/orbey-lac-blanc01-400x266-1.jpg\" \/>\n<meta name=\"twitter:card\" content=\"summary_large_image\" \/>\n<meta name=\"twitter:label1\" content=\"Dur\u00e9e de lecture estim\u00e9e\" \/>\n\t<meta name=\"twitter:data1\" content=\"4 minutes\" \/>\n<script type=\"application\/ld+json\" class=\"yoast-schema-graph\">{\"@context\":\"https:\/\/schema.org\",\"@graph\":[{\"@type\":\"WebPage\",\"@id\":\"https:\/\/les-meubles-orbelais.com\/index.php\/activites-tourisme\/\",\"url\":\"https:\/\/les-meubles-orbelais.com\/index.php\/activites-tourisme\/\",\"name\":\"Activit\u00e9s & tourisme - Les Meubl\u00e9s Orbelais\",\"isPartOf\":{\"@id\":\"https:\/\/les-meubles-orbelais.com\/#website\"},\"datePublished\":\"2011-02-23T20:42:55+00:00\",\"dateModified\":\"2026-03-11T15:08:53+00:00\",\"breadcrumb\":{\"@id\":\"https:\/\/les-meubles-orbelais.com\/index.php\/activites-tourisme\/#breadcrumb\"},\"inLanguage\":\"fr-FR\",\"potentialAction\":[{\"@type\":\"ReadAction\",\"target\":[\"https:\/\/les-meubles-orbelais.com\/index.php\/activites-tourisme\/\"]}]},{\"@type\":\"BreadcrumbList\",\"@id\":\"https:\/\/les-meubles-orbelais.com\/index.php\/activites-tourisme\/#breadcrumb\",\"itemListElement\":[{\"@type\":\"ListItem\",\"position\":1,\"name\":\"Accueil\",\"item\":\"https:\/\/les-meubles-orbelais.com\/\"},{\"@type\":\"ListItem\",\"position\":2,\"name\":\"Activit\u00e9s &#038; tourisme\"}]},{\"@type\":\"WebSite\",\"@id\":\"https:\/\/les-meubles-orbelais.com\/#website\",\"url\":\"https:\/\/les-meubles-orbelais.com\/\",\"name\":\"Les-Meubl\u00e9s-Orbelais\",\"description\":\"Un seul site pour nos trois g\u00eetes orbelais.\",\"potentialAction\":[{\"@type\":\"SearchAction\",\"target\":{\"@type\":\"EntryPoint\",\"urlTemplate\":\"https:\/\/les-meubles-orbelais.com\/?s={search_term_string}\"},\"query-input\":\"required name=search_term_string\"}],\"inLanguage\":\"fr-FR\"}]}<\/script>\n<!-- \/ Yoast SEO plugin. -->","yoast_head_json":{"title":"Activit\u00e9s & tourisme - Les Meubl\u00e9s Orbelais","robots":{"index":"index","follow":"follow","max-snippet":"max-snippet:-1","max-image-preview":"max-image-preview:large","max-video-preview":"max-video-preview:-1"},"canonical":"https:\/\/les-meubles-orbelais.com\/index.php\/activites-tourisme\/","og_locale":"fr_FR","og_type":"article","og_title":"Activit\u00e9s & tourisme - Les Meubl\u00e9s Orbelais","og_description":"Vous trouverez ici quelques unes des nombreuses sorties \u00e0 faire dans le pays Welche et ses alentours, si toutefois vous avez des projets pr\u00e9cis, nous sommes \u00e0 votre disposition pour vous renseigner&#8230;. Le Domaine du Lac Blanc: En hiver : Station de ski avec t\u00e9l\u00e9si\u00e8ge d\u00e9brayable 6 places, des pistes pour tout niveaux, avec aussi [&hellip;]","og_url":"https:\/\/les-meubles-orbelais.com\/index.php\/activites-tourisme\/","og_site_name":"Les Meubl\u00e9s Orbelais","article_modified_time":"2026-03-11T15:08:53+00:00","og_image":[{"url":"https:\/\/les-meubles-orbelais.com\/wp-content\/uploads\/2023\/12\/orbey-lac-blanc01-400x266-1.jpg"}],"twitter_card":"summary_large_image","twitter_misc":{"Dur\u00e9e de lecture estim\u00e9e":"4 minutes"},"schema":{"@context":"https:\/\/schema.org","@graph":[{"@type":"WebPage","@id":"https:\/\/les-meubles-orbelais.com\/index.php\/activites-tourisme\/","url":"https:\/\/les-meubles-orbelais.com\/index.php\/activites-tourisme\/","name":"Activit\u00e9s & tourisme - Les Meubl\u00e9s Orbelais","isPartOf":{"@id":"https:\/\/les-meubles-orbelais.com\/#website"},"datePublished":"2011-02-23T20:42:55+00:00","dateModified":"2026-03-11T15:08:53+00:00","breadcrumb":{"@id":"https:\/\/les-meubles-orbelais.com\/index.php\/activites-tourisme\/#breadcrumb"},"inLanguage":"fr-FR","potentialAction":[{"@type":"ReadAction","target":["https:\/\/les-meubles-orbelais.com\/index.php\/activites-tourisme\/"]}]},{"@type":"BreadcrumbList","@id":"https:\/\/les-meubles-orbelais.com\/index.php\/activites-tourisme\/#breadcrumb","itemListElement":[{"@type":"ListItem","position":1,"name":"Accueil","item":"https:\/\/les-meubles-orbelais.com\/"},{"@type":"ListItem","position":2,"name":"Activit\u00e9s &#038; tourisme"}]},{"@type":"WebSite","@id":"https:\/\/les-meubles-orbelais.com\/#website","url":"https:\/\/les-meubles-orbelais.com\/","name":"Les-Meubl\u00e9s-Orbelais","description":"Un seul site pour nos trois g\u00eetes orbelais.","potentialAction":[{"@type":"SearchAction","target":{"@type":"EntryPoint","urlTemplate":"https:\/\/les-meubles-orbelais.com\/?s={search_term_string}"},"query-input":"required name=search_term_string"}],"inLanguage":"fr-FR"}]}},"_links":{"self":[{"href":"https:\/\/les-meubles-orbelais.com\/index.php\/wp-json\/wp\/v2\/pages\/21","targetHints":{"allow":["GET"]}}],"collection":[{"href":"https:\/\/les-meubles-orbelais.com\/index.php\/wp-json\/wp\/v2\/pages"}],"about":[{"href":"https:\/\/les-meubles-orbelais.com\/index.php\/wp-json\/wp\/v2\/types\/page"}],"author":[{"embeddable":true,"href":"https:\/\/les-meubles-orbelais.com\/index.php\/wp-json\/wp\/v2\/users\/2"}],"replies":[{"embeddable":true,"href":"https:\/\/les-meubles-orbelais.com\/index.php\/wp-json\/wp\/v2\/comments?post=21"}],"version-history":[{"count":6,"href":"https:\/\/les-meubles-orbelais.com\/index.php\/wp-json\/wp\/v2\/pages\/21\/revisions"}],"predecessor-version":[{"id":775,"href":"https:\/\/les-meubles-orbelais.com\/index.php\/wp-json\/wp\/v2\/pages\/21\/revisions\/775"}],"wp:attachment":[{"href":"https:\/\/les-meubles-orbelais.com\/index.php\/wp-json\/wp\/v2\/media?parent=21"}],"curies":[{"name":"wp","href":"https:\/\/api.w.org\/{rel}","templated":true}]}}